{"id":85855,"date":"2020-09-11T14:22:35","date_gmt":"2020-09-11T12:22:35","guid":{"rendered":"https:\/\/fondation-engie\/portfolio\/alzheimers-talks-fondation-pour-la-recherche-sur-alzheimer\/"},"modified":"2020-09-11T14:22:35","modified_gmt":"2020-09-11T12:22:35","slug":"alzheimers-talks-fondation-pour-la-recherche-sur-alzheimer","status":"publish","type":"portfolio","link":"https:\/\/fondation-engie.com\/en\/portfolio\/alzheimers-talks-fondation-pour-la-recherche-sur-alzheimer\/","title":{"rendered":"Alzheimer&#8217;s Talks, Fondation pour la Recherche sur Alzheimer"},"content":{"rendered":"<div class=\"wpb-content-wrapper\"><p>\t[vc_row unlock_row_content=&#8221;yes&#8221; row_height_percent=&#8221;50&#8243; override_padding=&#8221;yes&#8221; h_padding=&#8221;0&#8243; top_padding=&#8221;0&#8243; bottom_padding=&#8221;0&#8243; overlay_alpha=&#8221;50&#8243; equal_height=&#8221;yes&#8221; gutter_size=&#8221;0&#8243; shift_y=&#8221;0&#8243;][vc_column column_width_percent=&#8221;100&#8243; gutter_size=&#8221;3&#8243; override_padding=&#8221;yes&#8221; column_padding=&#8221;4&#8243; back_image=&#8221;84599&#8243; overlay_alpha=&#8221;50&#8243; shift_x=&#8221;0&#8243; shift_y=&#8221;0&#8243; shift_y_down=&#8221;0&#8243; z_index=&#8221;0&#8243; medium_visibility=&#8221;yes&#8221; medium_width=&#8221;0&#8243; mobile_visibility=&#8221;yes&#8221; mobile_width=&#8221;0&#8243; width=&#8221;1\/2&#8243; mobile_height=&#8221;300&#8243;][\/vc_column][vc_column column_width_percent=&#8221;100&#8243; gutter_size=&#8221;0&#8243; overlay_alpha=&#8221;50&#8243; shift_x=&#8221;0&#8243; shift_y=&#8221;0&#8243; shift_y_down=&#8221;0&#8243; z_index=&#8221;0&#8243; medium_width=&#8221;0&#8243; mobile_width=&#8221;0&#8243; width=&#8221;1\/2&#8243;][vc_row_inner row_inner_height_percent=&#8221;50&#8243; back_color=&#8221;color-xsdn&#8221; overlay_alpha=&#8221;50&#8243; gutter_size=&#8221;3&#8243; shift_y=&#8221;0&#8243; z_index=&#8221;0&#8243;][vc_column_inner column_width_percent=&#8221;100&#8243; gutter_size=&#8221;2&#8243; override_padding=&#8221;yes&#8221; column_padding=&#8221;4&#8243; overlay_alpha=&#8221;50&#8243; shift_x=&#8221;0&#8243; shift_y=&#8221;0&#8243; shift_y_down=&#8221;0&#8243; z_index=&#8221;0&#8243; medium_width=&#8221;0&#8243; mobile_width=&#8221;0&#8243; width=&#8221;1\/1&#8243;][vc_custom_heading]Carte d&#8217;identit\u00e9 du projet[\/vc_custom_heading]<\/p>\n<p>\t\t\t[vc_column_text]<\/p>\n<ul>\n<li><span style=\"color: #00aaff;\"><strong>GOAL :<\/strong><\/span>  \t MAKE YOUNGER PEOPLE MORE AWARE ABOUT ALZHEIMER&#8217;S DISEASE<\/li>\n<li><strong><span style=\"color: #00aaff;\">COUNTRY<\/span> :<\/strong>  \t France (Europe)<\/li>\n<li><span style=\"color: #00aaff;\"><strong>DATE :<\/strong><\/span>  \t 2017-2020<\/li>\n<li><span style=\"color: #00aaff;\"><strong>COMMITMENT :<\/strong><\/span>  \t Health<\/li>\n<\/ul>\n<p>\t\t[\/vc_column_text][\/vc_column_inner][\/vc_row_inner]<\/p>\n<p>\t\t[vc_row_inner row_inner_height_percent=&#8221;20&#8243; back_color=&#8221;color-gyho&#8221; overlay_alpha=&#8221;50&#8243; equal_height=&#8221;yes&#8221; gutter_size=&#8221;0&#8243; shift_y=&#8221;0&#8243; z_index=&#8221;0&#8243; shape_dividers=&#8221;&#8221;]<br \/>\n\t\t\t[vc_column_inner column_width_percent=&#8221;100&#8243; position_vertical=&#8221;middle&#8221; gutter_size=&#8221;3&#8243; override_padding=&#8221;yes&#8221; column_padding=&#8221;3&#8243; style=&#8221;dark&#8221; back_color=&#8221;color-108997&#8243; overlay_alpha=&#8221;50&#8243; shift_x=&#8221;0&#8243; shift_y=&#8221;0&#8243; shift_y_down=&#8221;0&#8243; z_index=&#8221;0&#8243; medium_width=&#8221;4&#8243; mobile_width=&#8221;0&#8243; width=&#8221;1\/2&#8243; mobile_height=&#8221;300&#8243;]<br \/>\n\t\t\t\t[vc_custom_heading heading_semantic=&#8221;h3&#8243; text_size=&#8221;fontsize-113077&#8243; text_weight=&#8221;300&#8243; text_color=&#8221;color-xsdn&#8221;]<strong>200<\/strong> people attending the Talks each year<br \/>\n\t\t\t\t[\/vc_custom_heading]<br \/>\n\t\t\t\t\t[vc_separator sep_color=&#8221;color-xsdn&#8221; el_width=&#8221;30%&#8221; el_height=&#8221;2px&#8221;]<br \/>\n\t\t\t[\/vc_column_inner]<\/p>\n<p>\t\t\t[\/vc_row_inner]<br \/>\n\t\t\t[\/vc_column]<br \/>\n\t\t[\/vc_row]<br \/>\n\t\t[vc_row row_height_percent=&#8221;0&#8243; override_padding=&#8221;yes&#8221; h_padding=&#8221;3&#8243; top_padding=&#8221;4&#8243; bottom_padding=&#8221;4&#8243; overlay_alpha=&#8221;50&#8243; gutter_size=&#8221;3&#8243; column_width_percent=&#8221;100&#8243; shift_y=&#8221;0&#8243; z_index=&#8221;0&#8243;]<br \/>\n\t\t[vc_column width=&#8221;1\/1&#8243;]<\/p>\n<p>[vc_separator sep_color=&#8221;accent&#8221; el_width=&#8221;10%&#8221; el_height=&#8221;5px&#8221;][vc_custom_heading]The project [\/vc_custom_heading] <\/br><br \/>\nThe Fondation pour la Recherche sur Alzheimer (Alzheimer&#8217;s Research Foundation) has been organising Alzheimer&#8217;s Talks at the Maison de la Chimie in Paris for the past eight years. Free of charge and open to the public, these talks are intended to communicate the latest advances in research and to raise awareness of the issues surrounding a disease that affects all generations. <\/p>\n<p>By organising these meetings, the foundation aims to rally all stakeholders (public authorities, charities, carers, patients, researchers, etc.) to give new impetus to medical research. The Fondation pour la Recherche sur Alzheimer was set up by two doctors at the Piti\u00e9-Salp\u00eatri\u00e8re Hospital in 2004. It was recognised as a public-interest organisation in 2016. <\/p>\n<p>[vc_separator sep_color=&#8221;accent&#8221; el_width=&#8221;10%&#8221; el_height=&#8221;5px&#8221;][vc_custom_heading]Role of the ENGIE Foundation[\/vc_custom_heading] <\/br><br \/>\nThe Foundation decided to support the Alzheimer&#8217;s Talks in 2017 for a period of three years. Among other things, the support will allow the talks to be held in locations outside of Paris. It will also assist young researchers by means of a three-year pre- or post-doctoral contract. <\/p>\n<p>[\/vc_column][\/vc_row]<\/p>\n<p>[vc_row unlock_row_content=&#8221;yes&#8221; row_height_percent=&#8221;0&#8243; override_padding=&#8221;yes&#8221; h_padding=&#8221;0&#8243; top_padding=&#8221;0&#8243; bottom_padding=&#8221;0&#8243; back_color=&#8221;color-wayh&#8221; overlay_alpha=&#8221;50&#8243; equal_height=&#8221;yes&#8221; gutter_size=&#8221;0&#8243; shift_y=&#8221;0&#8243;][vc_column column_width_percent=&#8221;100&#8243; position_vertical=&#8221;middle&#8221; gutter_size=&#8221;2&#8243; override_padding=&#8221;yes&#8221; column_padding=&#8221;3&#8243; style=&#8221;dark&#8221; back_color=&#8221;color-119007&#8243; overlay_alpha=&#8221;80&#8243; shift_x=&#8221;0&#8243; shift_y=&#8221;0&#8243; shift_y_down=&#8221;0&#8243; z_index=&#8221;0&#8243; align_medium=&#8221;align_center_tablet&#8221; medium_width=&#8221;0&#8243; align_mobile=&#8221;align_center_mobile&#8221; mobile_width=&#8221;0&#8243; width=&#8221;6\/12&#8243;][vc_custom_heading heading_semantic=&#8221;h3&#8243; text_size=&#8221;h3&#8243; text_weight=&#8221;900&#8243; text_color=&#8221;color-108997&#8243; sub_lead=&#8221;yes&#8221; sub_reduced=&#8221;yes&#8221;]Know more[\/vc_custom_heading][vc_column_text text_lead=&#8221;yes&#8221;]+ <a href=\"https:\/\/fondation-engie\/en\/childhood-youth\/\">Childhood &#038; youth<\/a><br \/>\n\t\t\t+ <a href=\"https:\/\/fondation-engie\/en\/access-to-energy-and-essential-goods\/\">Access to energy and essential goods<\/a><br \/>\n\t\t\t+ <a href=\"https:\/\/fondation-engie\/en\/employment-fight-against-poverty\/\">Employment &#038; fight against poverty<\/a><br \/>\n\t\t[\/vc_column_text][\/vc_column][vc_column column_width_percent=&#8221;100&#8243; position_vertical=&#8221;middle&#8221; align_horizontal=&#8221;align_center&#8221; gutter_size=&#8221;3&#8243; override_padding=&#8221;yes&#8221; column_padding=&#8221;3&#8243; style=&#8221;dark&#8221; back_color=&#8221;color-133401&#8243; overlay_alpha=&#8221;50&#8243; shift_x=&#8221;0&#8243; shift_y=&#8221;0&#8243; shift_y_down=&#8221;0&#8243; z_index=&#8221;0&#8243; medium_width=&#8221;0&#8243; mobile_width=&#8221;0&#8243; width=&#8221;3\/12&#8243; mobile_height=&#8221;280&#8243; link_to=&#8221;url:alzheimer-recherche.org\/||target:%20_blank|&#8221;][vc_icon icon=&#8221;fa fa-mouse-pointer&#8221; icon_color=&#8221;color-xsdn&#8221; size=&#8221;fa-3x&#8221; text_size=&#8221;fontsize-144837&#8243; align=&#8221;left&#8221; title=&#8221;Partner&#8217;s website&#8221; link=&#8221;url:alzheimer-recherche.org\/||target:%20_blank|&#8221;][\/vc_icon][\/vc_column][vc_column column_width_percent=&#8221;100&#8243; position_vertical=&#8221;middle&#8221; align_horizontal=&#8221;align_center&#8221; gutter_size=&#8221;3&#8243; override_padding=&#8221;yes&#8221; column_padding=&#8221;3&#8243; style=&#8221;dark&#8221; back_color=&#8221;color-140302&#8243; overlay_alpha=&#8221;50&#8243; shift_x=&#8221;0&#8243; shift_y=&#8221;0&#8243; shift_y_down=&#8221;0&#8243; z_index=&#8221;0&#8243; align_medium=&#8221;align_center_tablet&#8221; medium_width=&#8221;0&#8243; align_mobile=&#8221;align_center_mobile&#8221; mobile_width=&#8221;0&#8243; width=&#8221;3\/12&#8243; link_to=&#8221;url:fondation-engie.com\/en\/our-projects\/|&#8221;][vc_icon icon=&#8221;fa fa-search-plus&#8221; icon_color=&#8221;color-xsdn&#8221; size=&#8221;fa-3x&#8221; text_size=&#8221;fontsize-144837&#8243; align=&#8221;left&#8221; title=&#8221;All our projects&#8221; link=&#8221;url:https%3A%2F%2Fengagements.fondation-engie.com%2F||target:%20_blank|&#8221;][\/vc_icon][\/vc_column][\/vc_row]<\/p>\n<\/div>","protected":false},"excerpt":{"rendered":"<p>[vc_row unlock_row_content=&#8221;yes&#8221; row_height_percent=&#8221;50&#8243; override_padding=&#8221;yes&#8221; h_padding=&#8221;0&#8243; top_padding=&#8221;0&#8243; bottom_padding=&#8221;0&#8243; overlay_alpha=&#8221;50&#8243; equal_height=&#8221;yes&#8221; gutter_size=&#8221;0&#8243; shift_y=&#8221;0&#8243;][vc_column column_width_percent=&#8221;100&#8243; gutter_size=&#8221;3&#8243; override_padding=&#8221;yes&#8221; column_padding=&#8221;4&#8243; back_image=&#8221;84599&#8243; overlay_alpha=&#8221;50&#8243; shift_x=&#8221;0&#8243; shift_y=&#8221;0&#8243; shift_y_down=&#8221;0&#8243; [&hellip;]<\/p>\n","protected":false},"author":1,"featured_media":84599,"parent":0,"menu_order":0,"comment_status":"open","ping_status":"open","template":"","meta":{"footnotes":""},"portfolio_category":[19,20],"class_list":["post-85855","portfolio","type-portfolio","status-publish","has-post-thumbnail","hentry","portfolio_category-enfance-jeunesse","portfolio_category-adv"],"yoast_head":"<!-- This site is optimized with the Yoast SEO plugin v24.6 - https:\/\/yoast.com\/wordpress\/plugins\/seo\/ -->\n<title>Alzheimer&#039;s Talks, Fondation pour la Recherche sur Alzheimer - Fondation ENGIE<\/title>\n<meta name=\"robots\" content=\"index, follow, max-snippet:-1, max-image-preview:large, max-video-preview:-1\" \/>\n<link rel=\"canonical\" href=\"https:\/\/fondation-engie.com\/portfolio\/les-entretiens-alzheimer-fondation-pour-la-recherche-sur-alzheimer\/\" \/>\n<meta property=\"og:locale\" content=\"en_US\" \/>\n<meta property=\"og:type\" content=\"article\" \/>\n<meta property=\"og:title\" content=\"Alzheimer&#039;s Talks, Fondation pour la Recherche sur Alzheimer - Fondation ENGIE\" \/>\n<meta property=\"og:description\" content=\"[vc_row unlock_row_content=&#8221;yes&#8221; row_height_percent=&#8221;50&#8243; override_padding=&#8221;yes&#8221; h_padding=&#8221;0&#8243; top_padding=&#8221;0&#8243; bottom_padding=&#8221;0&#8243; overlay_alpha=&#8221;50&#8243; equal_height=&#8221;yes&#8221; gutter_size=&#8221;0&#8243; shift_y=&#8221;0&#8243;][vc_column column_width_percent=&#8221;100&#8243; gutter_size=&#8221;3&#8243; override_padding=&#8221;yes&#8221; column_padding=&#8221;4&#8243; back_image=&#8221;84599&#8243; overlay_alpha=&#8221;50&#8243; shift_x=&#8221;0&#8243; shift_y=&#8221;0&#8243; shift_y_down=&#8221;0&#8243; [&hellip;]\" \/>\n<meta property=\"og:url\" content=\"https:\/\/fondation-engie.com\/portfolio\/les-entretiens-alzheimer-fondation-pour-la-recherche-sur-alzheimer\/\" \/>\n<meta property=\"og:site_name\" content=\"Fondation ENGIE\" \/>\n<meta property=\"article:publisher\" content=\"https:\/\/www.facebook.com\/fondationengie\" \/>\n<meta property=\"og:image\" content=\"https:\/\/fondation-engie.com\/wp-content\/uploads\/2020\/09\/2170.png\" \/>\n\t<meta property=\"og:image:width\" content=\"808\" \/>\n\t<meta property=\"og:image:height\" content=\"509\" \/>\n\t<meta property=\"og:image:type\" content=\"image\/png\" \/>\n<meta name=\"twitter:card\" content=\"summary_large_image\" \/>\n<meta name=\"twitter:site\" content=\"@FondationEngie\" \/>\n<meta name=\"twitter:label1\" content=\"Est. reading time\" \/>\n\t<meta name=\"twitter:data1\" content=\"4 minutes\" \/>\n<script type=\"application\/ld+json\" class=\"yoast-schema-graph\">{\"@context\":\"https:\/\/schema.org\",\"@graph\":[{\"@type\":\"WebPage\",\"@id\":\"https:\/\/fondation-engie.com\/portfolio\/les-entretiens-alzheimer-fondation-pour-la-recherche-sur-alzheimer\/\",\"url\":\"https:\/\/fondation-engie.com\/portfolio\/les-entretiens-alzheimer-fondation-pour-la-recherche-sur-alzheimer\/\",\"name\":\"Alzheimer's Talks, Fondation pour la Recherche sur Alzheimer - Fondation ENGIE\",\"isPartOf\":{\"@id\":\"https:\/\/fondation-engie.com\/en\/#website\"},\"primaryImageOfPage\":{\"@id\":\"https:\/\/fondation-engie.com\/portfolio\/les-entretiens-alzheimer-fondation-pour-la-recherche-sur-alzheimer\/#primaryimage\"},\"image\":{\"@id\":\"https:\/\/fondation-engie.com\/portfolio\/les-entretiens-alzheimer-fondation-pour-la-recherche-sur-alzheimer\/#primaryimage\"},\"thumbnailUrl\":\"https:\/\/fondation-engie.com\/wp-content\/uploads\/2020\/09\/2170.png\",\"datePublished\":\"2020-09-11T12:22:35+00:00\",\"breadcrumb\":{\"@id\":\"https:\/\/fondation-engie.com\/portfolio\/les-entretiens-alzheimer-fondation-pour-la-recherche-sur-alzheimer\/#breadcrumb\"},\"inLanguage\":\"en-US\",\"potentialAction\":[{\"@type\":\"ReadAction\",\"target\":[\"https:\/\/fondation-engie.com\/portfolio\/les-entretiens-alzheimer-fondation-pour-la-recherche-sur-alzheimer\/\"]}]},{\"@type\":\"ImageObject\",\"inLanguage\":\"en-US\",\"@id\":\"https:\/\/fondation-engie.com\/portfolio\/les-entretiens-alzheimer-fondation-pour-la-recherche-sur-alzheimer\/#primaryimage\",\"url\":\"https:\/\/fondation-engie.com\/wp-content\/uploads\/2020\/09\/2170.png\",\"contentUrl\":\"https:\/\/fondation-engie.com\/wp-content\/uploads\/2020\/09\/2170.png\",\"width\":808,\"height\":509},{\"@type\":\"BreadcrumbList\",\"@id\":\"https:\/\/fondation-engie.com\/portfolio\/les-entretiens-alzheimer-fondation-pour-la-recherche-sur-alzheimer\/#breadcrumb\",\"itemListElement\":[{\"@type\":\"ListItem\",\"position\":1,\"name\":\"Accueil\",\"item\":\"https:\/\/fondation-engie.com\/en\/\"},{\"@type\":\"ListItem\",\"position\":2,\"name\":\"Portfolio\",\"item\":\"https:\/\/fondation-engie.com\/portfolio\/\"},{\"@type\":\"ListItem\",\"position\":3,\"name\":\"Alzheimer&rsquo;s Talks, Fondation pour la Recherche sur Alzheimer\"}]},{\"@type\":\"WebSite\",\"@id\":\"https:\/\/fondation-engie.com\/en\/#website\",\"url\":\"https:\/\/fondation-engie.com\/en\/\",\"name\":\"Fondation ENGIE\",\"description\":\"La Fondation d&#039;entreprise du Groupe ENGIE\",\"potentialAction\":[{\"@type\":\"SearchAction\",\"target\":{\"@type\":\"EntryPoint\",\"urlTemplate\":\"https:\/\/fondation-engie.com\/en\/?s={search_term_string}\"},\"query-input\":{\"@type\":\"PropertyValueSpecification\",\"valueRequired\":true,\"valueName\":\"search_term_string\"}}],\"inLanguage\":\"en-US\"}]}<\/script>\n<!-- \/ Yoast SEO plugin. -->","yoast_head_json":{"title":"Alzheimer's Talks, Fondation pour la Recherche sur Alzheimer - Fondation ENGIE","robots":{"index":"index","follow":"follow","max-snippet":"max-snippet:-1","max-image-preview":"max-image-preview:large","max-video-preview":"max-video-preview:-1"},"canonical":"https:\/\/fondation-engie.com\/portfolio\/les-entretiens-alzheimer-fondation-pour-la-recherche-sur-alzheimer\/","og_locale":"en_US","og_type":"article","og_title":"Alzheimer's Talks, Fondation pour la Recherche sur Alzheimer - Fondation ENGIE","og_description":"[vc_row unlock_row_content=&#8221;yes&#8221; row_height_percent=&#8221;50&#8243; override_padding=&#8221;yes&#8221; h_padding=&#8221;0&#8243; top_padding=&#8221;0&#8243; bottom_padding=&#8221;0&#8243; overlay_alpha=&#8221;50&#8243; equal_height=&#8221;yes&#8221; gutter_size=&#8221;0&#8243; shift_y=&#8221;0&#8243;][vc_column column_width_percent=&#8221;100&#8243; gutter_size=&#8221;3&#8243; override_padding=&#8221;yes&#8221; column_padding=&#8221;4&#8243; back_image=&#8221;84599&#8243; overlay_alpha=&#8221;50&#8243; shift_x=&#8221;0&#8243; shift_y=&#8221;0&#8243; shift_y_down=&#8221;0&#8243; [&hellip;]","og_url":"https:\/\/fondation-engie.com\/portfolio\/les-entretiens-alzheimer-fondation-pour-la-recherche-sur-alzheimer\/","og_site_name":"Fondation ENGIE","article_publisher":"https:\/\/www.facebook.com\/fondationengie","og_image":[{"width":808,"height":509,"url":"https:\/\/fondation-engie.com\/wp-content\/uploads\/2020\/09\/2170.png","type":"image\/png"}],"twitter_card":"summary_large_image","twitter_site":"@FondationEngie","twitter_misc":{"Est. reading time":"4 minutes"},"schema":{"@context":"https:\/\/schema.org","@graph":[{"@type":"WebPage","@id":"https:\/\/fondation-engie.com\/portfolio\/les-entretiens-alzheimer-fondation-pour-la-recherche-sur-alzheimer\/","url":"https:\/\/fondation-engie.com\/portfolio\/les-entretiens-alzheimer-fondation-pour-la-recherche-sur-alzheimer\/","name":"Alzheimer's Talks, Fondation pour la Recherche sur Alzheimer - Fondation ENGIE","isPartOf":{"@id":"https:\/\/fondation-engie.com\/en\/#website"},"primaryImageOfPage":{"@id":"https:\/\/fondation-engie.com\/portfolio\/les-entretiens-alzheimer-fondation-pour-la-recherche-sur-alzheimer\/#primaryimage"},"image":{"@id":"https:\/\/fondation-engie.com\/portfolio\/les-entretiens-alzheimer-fondation-pour-la-recherche-sur-alzheimer\/#primaryimage"},"thumbnailUrl":"https:\/\/fondation-engie.com\/wp-content\/uploads\/2020\/09\/2170.png","datePublished":"2020-09-11T12:22:35+00:00","breadcrumb":{"@id":"https:\/\/fondation-engie.com\/portfolio\/les-entretiens-alzheimer-fondation-pour-la-recherche-sur-alzheimer\/#breadcrumb"},"inLanguage":"en-US","potentialAction":[{"@type":"ReadAction","target":["https:\/\/fondation-engie.com\/portfolio\/les-entretiens-alzheimer-fondation-pour-la-recherche-sur-alzheimer\/"]}]},{"@type":"ImageObject","inLanguage":"en-US","@id":"https:\/\/fondation-engie.com\/portfolio\/les-entretiens-alzheimer-fondation-pour-la-recherche-sur-alzheimer\/#primaryimage","url":"https:\/\/fondation-engie.com\/wp-content\/uploads\/2020\/09\/2170.png","contentUrl":"https:\/\/fondation-engie.com\/wp-content\/uploads\/2020\/09\/2170.png","width":808,"height":509},{"@type":"BreadcrumbList","@id":"https:\/\/fondation-engie.com\/portfolio\/les-entretiens-alzheimer-fondation-pour-la-recherche-sur-alzheimer\/#breadcrumb","itemListElement":[{"@type":"ListItem","position":1,"name":"Accueil","item":"https:\/\/fondation-engie.com\/en\/"},{"@type":"ListItem","position":2,"name":"Portfolio","item":"https:\/\/fondation-engie.com\/portfolio\/"},{"@type":"ListItem","position":3,"name":"Alzheimer&rsquo;s Talks, Fondation pour la Recherche sur Alzheimer"}]},{"@type":"WebSite","@id":"https:\/\/fondation-engie.com\/en\/#website","url":"https:\/\/fondation-engie.com\/en\/","name":"Fondation ENGIE","description":"La Fondation d&#039;entreprise du Groupe ENGIE","potentialAction":[{"@type":"SearchAction","target":{"@type":"EntryPoint","urlTemplate":"https:\/\/fondation-engie.com\/en\/?s={search_term_string}"},"query-input":{"@type":"PropertyValueSpecification","valueRequired":true,"valueName":"search_term_string"}}],"inLanguage":"en-US"}]}},"_links":{"self":[{"href":"https:\/\/fondation-engie.com\/en\/wp-json\/wp\/v2\/portfolio\/85855","targetHints":{"allow":["GET"]}}],"collection":[{"href":"https:\/\/fondation-engie.com\/en\/wp-json\/wp\/v2\/portfolio"}],"about":[{"href":"https:\/\/fondation-engie.com\/en\/wp-json\/wp\/v2\/types\/portfolio"}],"author":[{"embeddable":true,"href":"https:\/\/fondation-engie.com\/en\/wp-json\/wp\/v2\/users\/1"}],"replies":[{"embeddable":true,"href":"https:\/\/fondation-engie.com\/en\/wp-json\/wp\/v2\/comments?post=85855"}],"version-history":[{"count":0,"href":"https:\/\/fondation-engie.com\/en\/wp-json\/wp\/v2\/portfolio\/85855\/revisions"}],"wp:featuredmedia":[{"embeddable":true,"href":"https:\/\/fondation-engie.com\/en\/wp-json\/wp\/v2\/media\/84599"}],"wp:attachment":[{"href":"https:\/\/fondation-engie.com\/en\/wp-json\/wp\/v2\/media?parent=85855"}],"wp:term":[{"taxonomy":"portfolio_category","embeddable":true,"href":"https:\/\/fondation-engie.com\/en\/wp-json\/wp\/v2\/portfolio_category?post=85855"}],"curies":[{"name":"wp","href":"https:\/\/api.w.org\/{rel}","templated":true}]}}